{"id":283,"date":"2019-02-27T18:30:59","date_gmt":"2019-02-27T18:30:59","guid":{"rendered":"http:\/\/ictn.ro\/?page_id=283"},"modified":"2022-05-27T12:32:47","modified_gmt":"2022-05-27T12:32:47","slug":"prof-dr-bratu-emanuel","status":"publish","type":"page","link":"https:\/\/ictn.ro\/ro\/prof-dr-bratu-emanuel\/","title":{"rendered":"Prof. Dr. Bratu Emanuel"},"content":{"rendered":"<div class=\"wpb-content-wrapper\"><p>[vc_row full_width=&#8221;stretch_row_content&#8221; css=&#8221;.vc_custom_1650694917286{background-color: #dfdfdf !important;}&#8221;][vc_column width=&#8221;1\/4&#8243;][vc_single_image image=&#8221;1707&#8243; img_size=&#8221;full&#8221; css=&#8221;.vc_custom_1650695164316{margin-left: -15px !important;padding-left: 0px !important;}&#8221;][\/vc_column][vc_column width=&#8221;3\/4&#8243;][vc_row_inner][vc_column_inner width=&#8221;3\/4&#8243;][vc_empty_space][vc_column_text]<\/p>\n<h1><span style=\"color: #ffffff;\"><b>Prof. Dr. Emanuel\u00a0Bratu<\/b><\/span><\/h1>\n<p>[\/vc_column_text][vc_separator color=&#8221;custom&#8221; align=&#8221;align_left&#8221; border_width=&#8221;4&#8243; el_width=&#8221;50&#8243; accent_color=&#8221;#53c3ce&#8221; css=&#8221;.vc_custom_1580471609840{margin-top: -20px !important;}&#8221;][vc_column_text el_class=&#8221;fontmare&#8221;]<\/p>\n<p>\u2022 Profesor Universitar la Disciplina de Restaur\u0103ri Protetice pe Implanturi a Facult\u0103\u0163ii de Medicin\u0103 Dentar\u0103, UMF Timi\u015foara<br \/>\n\u2022 Pre\u015fedinte al Societ\u0103\u021bii Rom\u00e2ne de Implantologie Oral\u0103 \u015fi Biomateriale<br \/>\n\u2022 \u0218ef al disciplinei de Implantologie Oral\u0103, Facultatea de Medicin\u0103 Dentar\u0103, UMF Timi\u0219oara<\/p>\n<p>[\/vc_column_text][\/vc_column_inner][vc_column_inner width=&#8221;1\/4&#8243;][vc_empty_space][vc_single_image image=&#8221;1121&#8243;][\/vc_column_inner][\/vc_row_inner][\/vc_column][\/vc_row][vc_row][vc_column width=&#8221;1\/6&#8243;][\/vc_column][vc_column width=&#8221;2\/3&#8243;][vc_empty_space][vc_column_text]<\/p>\n<h1><b>ACTIVITATE<\/b><\/h1>\n<p>[\/vc_column_text][vc_separator color=&#8221;custom&#8221; align=&#8221;align_left&#8221; border_width=&#8221;4&#8243; el_width=&#8221;50&#8243; accent_color=&#8221;#bcbcbc&#8221; css=&#8221;.vc_custom_1576238281429{margin-top: -20px !important;}&#8221;][vc_column_text el_class=&#8221;fontmare&#8221;]\u2022 Profesor Universitar<br \/>\n\u2022 Medic Primar Stomatolog<br \/>\n\u2022 Medic specialist Chirurgie Oral\u0103<br \/>\n\u2022 Medic specialist Protetic\u0103 Dentar\u0103<br \/>\n\u2022 Doctor \u00een \u0218tiin\u021be Medicale \u2013 Medicin\u0103 Dentar\u0103<\/p>\n<p>&nbsp;<\/p>\n<p><span style=\"font-weight: 400;\">Prof. Dr. Bratu este absolvent al UMF \u201eVictor Babe\u015f\u201d din Timi\u015foara, Facultatea de Stomatologie. Studiile aprofundate de limb\u0103 german\u0103 \u0219i preg\u0103tirea din cadrul universit\u0103\u021bii, \u00eel ajut\u0103 s\u0103 devin\u0103 bursier al statului austriac la clinica de Chirurgie Oral\u0103 \u015fi Maxilo-Facial\u0103 a Universit\u0103\u0163ii din Viena<\/span><\/p>\n<p>&nbsp;<\/p>\n<p><span style=\"font-weight: 400;\">Teza doctorat cu titlul: \u201eAspecte clinice \u015fi experimentale privind conexunile dento-implantare\u201d. Devine, prin concurs, preparator la Clinica de Chirurgie Oral\u0103 \u015fi Maxilo-Facial\u0103 a U.M.F. Timi\u015foara, urm\u00e2nd s\u0103 se transfere, tot prin concurs, la disciplina de Implantologie Oral\u0103. <\/span><\/p>\n<p>&nbsp;<\/p>\n<p><span style=\"font-weight: 400;\">Devine asistent universitar \u015fi medic specialist stomatolog, ca mai apoi s\u0103 ajung\u0103 doctor \u00een \u015ftiin\u0163e medicale \u0219i s\u0103 ob\u021bin\u0103 primariatul \u00een stomatologie general\u0103. Pe parcursul carierei universitare, Prof. Dr. Bratu devine \u0219ef de lucr\u0103ri la disciplina de Implantologie Oral\u0103 \u015fi R.P.I. a UMF \u201eVictor Babe\u0219\u201d, profesor universitar pe Restaur\u0103ri Protetice pe Implanturi, iar \u00een 2004 devine medic specialist \u00een Chirurgie Oro-Dentar\u0103. Este autor al unui num\u0103r important de teze, lucr\u0103ri \u0219tiin\u021bifice, cursuri, tratate \u0219i alte publica\u021bii.<\/span><\/p>\n<p>&nbsp;<\/p>\n<p>\u2022 Pre\u0219edinte al Societ\u0103\u021bii Rom\u00e2ne de \u0218tiin\u021be Dentare<br \/>\n\u2022 Diplomat ICOI<br \/>\n\u2022 Lider de opinie global Zimmer \u0219i MIS<\/p>\n<p>[\/vc_column_text][vc_empty_space][\/vc_column][vc_column width=&#8221;1\/6&#8243;]\n\t\t\t<ul class=\"social-icons text-left icons-design-default icons-size-default social-share \">\n\t\t\t\t\t\t\t\t\t<li class=\"social-facebook\"><a rel=\"nofollow\" href=\"https:\/\/www.facebook.com\/sharer\/sharer.php?u=https:\/\/ictn.ro\/ro\/prof-dr-bratu-emanuel\/\" target=\"_blank\" class=\"\"><i class=\"fa fa-facebook\"><\/i><span class=\"basel-social-icon-name\">Facebook<\/span><\/a><\/li>\n\t\t\t\t\n\t\t\t\t\t\t\t\t\t<li class=\"social-twitter\"><a rel=\"nofollow\" href=\"https:\/\/twitter.com\/share?url=https:\/\/ictn.ro\/ro\/prof-dr-bratu-emanuel\/\" target=\"_blank\" class=\"\"><i class=\"fa fa-twitter\"><\/i><span class=\"basel-social-icon-name\">Twitter<\/span><\/a><\/li>\n\t\t\t\t\n\t\t\t\t\n\t\t\t\t\n\t\t\t\t\n\t\t\t\t\t\t\t\t\t<li class=\"social-pinterest\"><a rel=\"nofollow\" href=\"https:\/\/pinterest.com\/pin\/create\/button\/?url=https:\/\/ictn.ro\/ro\/prof-dr-bratu-emanuel\/&media=https:\/\/ictn.ro\/wp-includes\/images\/media\/default.svg\" target=\"_blank\" class=\"\"><i class=\"fa fa-pinterest\"><\/i><span class=\"basel-social-icon-name\">Pinterest<\/span><\/a><\/li>\n\t\t\t\t\n\t\t\t\t\n\t\t\t\t\t\t\t\t\t<li class=\"social-linkedin\"><a rel=\"nofollow\" href=\"https:\/\/www.linkedin.com\/shareArticle?mini=true&url=https:\/\/ictn.ro\/ro\/prof-dr-bratu-emanuel\/\" target=\"_blank\" class=\"\"><i class=\"fa fa-linkedin\"><\/i><span class=\"basel-social-icon-name\">LinkedIn<\/span><\/a><\/li>\n\t\t\t\t\n\t\t\t\t\n\t\t\t\t\n\t\t\t\t\n\t\t\t\t\n\t\t\t\t\n\t\t\t\t\n\t\t\t\t\n\t\t\t\t\n\t\t\t\t\t\t\t\t\n\t\t\t\t\n\t\t\t\t\n\t\t\t\t\t\t\t\t\t<li class=\"social-tg\"><a rel=\"nofollow\" href=\"https:\/\/telegram.me\/share\/url?url=https:\/\/ictn.ro\/ro\/prof-dr-bratu-emanuel\/\" target=\"_blank\" class=\"\"><i class=\"fa fa-telegram\"><\/i><span class=\"basel-social-icon-name\">Telegram<\/span><\/a><\/li>\n\t\t\t\t\n\t\t\t<\/ul>\n\n\t\t[\/vc_column][\/vc_row][vc_row full_width=&#8221;stretch_row_content&#8221; css=&#8221;.vc_custom_1580460209958{background-color: #71c3ca !important;}&#8221;][vc_column]<div class=\"basel-button-wrapper text-center\"><a href=\"http:\/\/ictn.ro\/bilete\/\" title=\"Bilete\" class=\"btn btn-color-white btn-style-bordered btn-size-default\">Pre\u021b bilete<\/a><\/div>[vc_empty_space][\/vc_column][\/vc_row][vc_row][vc_column][vc_column_text]<\/p>\n<p>&nbsp;<\/p>\n<p>[\/vc_column_text][\/vc_column][\/vc_row]<\/p>\n<\/div>","protected":false},"excerpt":{"rendered":"<p>[vc_row full_width=&#8221;stretch_row_content&#8221; css=&#8221;.vc_custom_1650694917286{background-color: #dfdfdf !important;}&#8221;][vc_column width=&#8221;1\/4&#8243;][vc_single_image image=&#8221;1707&#8243; img_size=&#8221;full&#8221; css=&#8221;.vc_custom_1650695164316{margin-left: -15px !important;padding-left: 0px !important;}&#8221;][\/vc_column][vc_column width=&#8221;3\/4&#8243;][vc_row_inner][vc_column_inner width=&#8221;3\/4&#8243;][vc_empty_space][vc_column_text] Prof. Dr. Emanuel\u00a0Bratu [\/vc_column_text][vc_separator color=&#8221;custom&#8221;<\/p>\n","protected":false},"author":1,"featured_media":0,"parent":0,"menu_order":0,"comment_status":"closed","ping_status":"closed","template":"","meta":{"_acf_changed":false,"_monsterinsights_skip_tracking":false,"_monsterinsights_sitenote_active":false,"_monsterinsights_sitenote_note":"","_monsterinsights_sitenote_category":0,"footnotes":""},"class_list":["post-283","page","type-page","status-publish","hentry"],"acf":[],"yoast_head":"<!-- This site is optimized with the Yoast SEO plugin v27.0 - https:\/\/yoast.com\/product\/yoast-seo-wordpress\/ -->\n<title>Prof. Dr. Bratu Emanuel<\/title>\n<meta name=\"robots\" content=\"index, follow, max-snippet:-1, max-image-preview:large, max-video-preview:-1\" \/>\n<link rel=\"canonical\" href=\"https:\/\/ictn.ro\/ro\/prof-dr-bratu-emanuel\/\" \/>\n<meta property=\"og:locale\" content=\"ro_RO\" \/>\n<meta property=\"og:locale:alternate\" content=\"en_US\" \/>\n<meta property=\"og:type\" content=\"article\" \/>\n<meta property=\"og:title\" content=\"Prof. Dr. Bratu Emanuel\" \/>\n<meta property=\"og:description\" content=\"[vc_row full_width=&#8221;stretch_row_content&#8221; css=&#8221;.vc_custom_1650694917286{background-color: #dfdfdf !important;}&#8221;][vc_column width=&#8221;1\/4&#8243;][vc_single_image image=&#8221;1707&#8243; img_size=&#8221;full&#8221; css=&#8221;.vc_custom_1650695164316{margin-left: -15px !important;padding-left: 0px !important;}&#8221;][\/vc_column][vc_column width=&#8221;3\/4&#8243;][vc_row_inner][vc_column_inner width=&#8221;3\/4&#8243;][vc_empty_space][vc_column_text] Prof. Dr. Emanuel\u00a0Bratu [\/vc_column_text][vc_separator color=&#8221;custom&#8221;\" \/>\n<meta property=\"og:url\" content=\"https:\/\/ictn.ro\/ro\/prof-dr-bratu-emanuel\/\" \/>\n<meta property=\"og:site_name\" content=\"Congres ICTN\" \/>\n<meta property=\"article:modified_time\" content=\"2022-05-27T12:32:47+00:00\" \/>\n<meta name=\"twitter:card\" content=\"summary_large_image\" \/>\n<meta name=\"twitter:label1\" content=\"Timp estimat pentru citire\" \/>\n\t<meta name=\"twitter:data1\" content=\"2 minute\" \/>\n<script type=\"application\/ld+json\" class=\"yoast-schema-graph\">{\"@context\":\"https:\/\/schema.org\",\"@graph\":[{\"@type\":\"WebPage\",\"@id\":\"https:\/\/ictn.ro\/prof-dr-bratu-emanuel\/\",\"url\":\"https:\/\/ictn.ro\/prof-dr-bratu-emanuel\/\",\"name\":\"Prof. Dr. Bratu Emanuel\",\"isPartOf\":{\"@id\":\"https:\/\/ictn.ro\/#website\"},\"datePublished\":\"2019-02-27T18:30:59+00:00\",\"dateModified\":\"2022-05-27T12:32:47+00:00\",\"breadcrumb\":{\"@id\":\"https:\/\/ictn.ro\/prof-dr-bratu-emanuel\/#breadcrumb\"},\"inLanguage\":\"ro-RO\",\"potentialAction\":[{\"@type\":\"ReadAction\",\"target\":[\"https:\/\/ictn.ro\/prof-dr-bratu-emanuel\/\"]}]},{\"@type\":\"BreadcrumbList\",\"@id\":\"https:\/\/ictn.ro\/prof-dr-bratu-emanuel\/#breadcrumb\",\"itemListElement\":[{\"@type\":\"ListItem\",\"position\":1,\"name\":\"Prima pagin\u0103\",\"item\":\"https:\/\/ictn.ro\/\"},{\"@type\":\"ListItem\",\"position\":2,\"name\":\"Prof. Dr. Bratu Emanuel\"}]},{\"@type\":\"WebSite\",\"@id\":\"https:\/\/ictn.ro\/#website\",\"url\":\"https:\/\/ictn.ro\/\",\"name\":\"Congres ICTN\",\"description\":\"Congres Implant Connected to Nature\",\"potentialAction\":[{\"@type\":\"SearchAction\",\"target\":{\"@type\":\"EntryPoint\",\"urlTemplate\":\"https:\/\/ictn.ro\/?s={search_term_string}\"},\"query-input\":{\"@type\":\"PropertyValueSpecification\",\"valueRequired\":true,\"valueName\":\"search_term_string\"}}],\"inLanguage\":\"ro-RO\"}]}<\/script>\n<!-- \/ Yoast SEO plugin. -->","yoast_head_json":{"title":"Prof. Dr. Bratu Emanuel","robots":{"index":"index","follow":"follow","max-snippet":"max-snippet:-1","max-image-preview":"max-image-preview:large","max-video-preview":"max-video-preview:-1"},"canonical":"https:\/\/ictn.ro\/ro\/prof-dr-bratu-emanuel\/","og_locale":"ro_RO","og_type":"article","og_title":"[:en]Prof. Dr. Bratu Emanuel[:ro]Prof. Dr. Bratu Emanuel[:] - Congres ICTN","og_description":"[vc_row full_width=&#8221;stretch_row_content&#8221; css=&#8221;.vc_custom_1650694917286{background-color: #dfdfdf !important;}&#8221;][vc_column width=&#8221;1\/4&#8243;][vc_single_image image=&#8221;1707&#8243; img_size=&#8221;full&#8221; css=&#8221;.vc_custom_1650695164316{margin-left: -15px !important;padding-left: 0px !important;}&#8221;][\/vc_column][vc_column width=&#8221;3\/4&#8243;][vc_row_inner][vc_column_inner width=&#8221;3\/4&#8243;][vc_empty_space][vc_column_text] Prof. Dr. Emanuel\u00a0Bratu [\/vc_column_text][vc_separator color=&#8221;custom&#8221;","og_url":"https:\/\/ictn.ro\/ro\/prof-dr-bratu-emanuel\/","og_site_name":"Congres ICTN","article_modified_time":"2022-05-27T12:32:47+00:00","twitter_card":"summary_large_image","twitter_misc":{"Timp estimat pentru citire":"2 minute"},"schema":{"@context":"https:\/\/schema.org","@graph":[{"@type":"WebPage","@id":"https:\/\/ictn.ro\/prof-dr-bratu-emanuel\/","url":"https:\/\/ictn.ro\/prof-dr-bratu-emanuel\/","name":"Prof. Dr. Bratu Emanuel","isPartOf":{"@id":"https:\/\/ictn.ro\/#website"},"datePublished":"2019-02-27T18:30:59+00:00","dateModified":"2022-05-27T12:32:47+00:00","breadcrumb":{"@id":"https:\/\/ictn.ro\/prof-dr-bratu-emanuel\/#breadcrumb"},"inLanguage":"ro-RO","potentialAction":[{"@type":"ReadAction","target":["https:\/\/ictn.ro\/prof-dr-bratu-emanuel\/"]}]},{"@type":"BreadcrumbList","@id":"https:\/\/ictn.ro\/prof-dr-bratu-emanuel\/#breadcrumb","itemListElement":[{"@type":"ListItem","position":1,"name":"Prima pagin\u0103","item":"https:\/\/ictn.ro\/"},{"@type":"ListItem","position":2,"name":"Prof. Dr. Bratu Emanuel"}]},{"@type":"WebSite","@id":"https:\/\/ictn.ro\/#website","url":"https:\/\/ictn.ro\/","name":"Congres ICTN","description":"Congres Implant Connected to Nature","potentialAction":[{"@type":"SearchAction","target":{"@type":"EntryPoint","urlTemplate":"https:\/\/ictn.ro\/?s={search_term_string}"},"query-input":{"@type":"PropertyValueSpecification","valueRequired":true,"valueName":"search_term_string"}}],"inLanguage":"ro-RO"}]}},"_links":{"self":[{"href":"https:\/\/ictn.ro\/ro\/wp-json\/wp\/v2\/pages\/283","targetHints":{"allow":["GET"]}}],"collection":[{"href":"https:\/\/ictn.ro\/ro\/wp-json\/wp\/v2\/pages"}],"about":[{"href":"https:\/\/ictn.ro\/ro\/wp-json\/wp\/v2\/types\/page"}],"author":[{"embeddable":true,"href":"https:\/\/ictn.ro\/ro\/wp-json\/wp\/v2\/users\/1"}],"replies":[{"embeddable":true,"href":"https:\/\/ictn.ro\/ro\/wp-json\/wp\/v2\/comments?post=283"}],"version-history":[{"count":24,"href":"https:\/\/ictn.ro\/ro\/wp-json\/wp\/v2\/pages\/283\/revisions"}],"predecessor-version":[{"id":2171,"href":"https:\/\/ictn.ro\/ro\/wp-json\/wp\/v2\/pages\/283\/revisions\/2171"}],"wp:attachment":[{"href":"https:\/\/ictn.ro\/ro\/wp-json\/wp\/v2\/media?parent=283"}],"curies":[{"name":"wp","href":"https:\/\/api.w.org\/{rel}","templated":true}]}}